{"id":373,"date":"2026-01-26T21:33:38","date_gmt":"2026-01-26T21:33:38","guid":{"rendered":"https:\/\/ayamaliberationdelame.com\/?page_id=373"},"modified":"2026-01-31T15:13:37","modified_gmt":"2026-01-31T15:13:37","slug":"le-shen-zen","status":"publish","type":"page","link":"https:\/\/ayamaliberationdelame.com\/index.php\/le-shen-zen\/","title":{"rendered":"Le Shenzen\u00a9"},"content":{"rendered":"\n<div class=\"wp-block-group alignwide has-secondary-background-color has-background is-layout-constrained wp-container-core-group-is-layout-e51076de wp-block-group-is-layout-constrained\" style=\"padding-top:110px;padding-right:1.5rem;padding-bottom:110px;padding-left:1.5rem\">\n<div class=\"wp-block-columns is-layout-flex wp-container-core-columns-is-layout-e05d3243 wp-block-columns-is-layout-flex\" style=\"padding-top:0px;padding-right:0px;padding-bottom:0px;padding-left:0px\">\n<div class=\"wp-block-column is-layout-flow wp-block-column-is-layout-flow\">\n<div class=\"wp-block-group has-background-background-color has-background is-layout-flow wp-block-group-is-layout-flow\" style=\"padding-top:12%;padding-right:12%;padding-bottom:12%;padding-left:12%\">\n<h2 class=\"wp-block-heading is-style-ona-alt-font has-primary-color has-text-color has-medium-large-font-size\" id=\"my-travel-gear\" style=\"line-height:1.2\">Un etre authentique<\/h2>\n\n\n\n<p>Nous venons au monde porteurs d\u2019une nature pure, align\u00e9e, lumineuse. Puis, au fil de la vie, les exp\u00e9riences, l\u2019environnement familial, l\u2019\u00e9ducation, les croyances et les \u00e9preuves fa\u00e7onnent des couches qui nous \u00e9loignent peu \u00e0 peu de notre essence profonde. Sans nous en rendre compte, nous apprenons \u00e0 nous adapter, \u00e0 nous prot\u00e9ger, \u00e0 nous conformer, parfois au d\u00e9triment de qui nous sommes r\u00e9ellement.<\/p>\n\n\n\n<p>Le soin Shenzen<sup>\u00a9<\/sup> invite \u00e0 un retour \u00e0 cette quintessence, \u00e0 cette \u00e9nergie originelle qui sommeille en chacun. Il accompagne la lib\u00e9ration des conditionnements, des peurs, des carapaces, des blessures et des croyances limitantes, afin de laisser \u00e9merger votre \u00eatre v\u00e9ritable.<\/p>\n\n\n\n<p>En vous d\u00e9lestant de ces charges, vous vous autorisez enfin \u00e0 \u00eatre pleinement vous-m\u00eame. La vie retrouve alors plus de fluidit\u00e9, les corps physique et \u00e9motionnel s\u2019all\u00e8gent, et un profond sentiment d\u2019alignement s\u2019installe. Vous vous sentez \u00e0 votre place, reconnect\u00e9 \u00e0 votre v\u00e9rit\u00e9, celle de votre c\u0153ur.<\/p>\n\n\n\n<h3 class=\"wp-block-heading has-text-align-left is-style-ona-alt-font\">Un retour \u00e0 soi essentiel&#8230;<\/h3>\n\n\n\n<div style=\"height:10px\" aria-hidden=\"true\" class=\"wp-block-spacer\"><\/div>\n<\/div>\n<\/div>\n\n\n\n<div class=\"wp-block-column is-style-no-spacing is-layout-flow wp-block-column-is-layout-flow\">\n<div class=\"wp-block-cover is-light is-vertically-stretched\" style=\"min-height:839px;aspect-ratio:unset;\"><img loading=\"lazy\" decoding=\"async\" width=\"1024\" height=\"1024\" class=\"wp-block-cover__image-background wp-image-366 size-large\" alt=\"\" src=\"http:\/\/ayamaliberationdelame.com\/wp-content\/uploads\/2026\/01\/19-1024x1024.png\" data-object-fit=\"cover\" srcset=\"https:\/\/ayamaliberationdelame.com\/wp-content\/uploads\/2026\/01\/19-1024x1024.png 1024w, https:\/\/ayamaliberationdelame.com\/wp-content\/uploads\/2026\/01\/19-300x300.png 300w, https:\/\/ayamaliberationdelame.com\/wp-content\/uploads\/2026\/01\/19-150x150.png 150w, https:\/\/ayamaliberationdelame.com\/wp-content\/uploads\/2026\/01\/19-768x768.png 768w, https:\/\/ayamaliberationdelame.com\/wp-content\/uploads\/2026\/01\/19-1536x1536.png 1536w, https:\/\/ayamaliberationdelame.com\/wp-content\/uploads\/2026\/01\/19-2048x2048.png 2048w, https:\/\/ayamaliberationdelame.com\/wp-content\/uploads\/2026\/01\/19-700x700.png 700w, https:\/\/ayamaliberationdelame.com\/wp-content\/uploads\/2026\/01\/19-1170x1170.png 1170w\" sizes=\"auto, (max-width: 1024px) 100vw, 1024px\" \/><span aria-hidden=\"true\" class=\"wp-block-cover__background has-background-dim-0 has-background-dim\" style=\"background-color:#edebe9\"><\/span><div class=\"wp-block-cover__inner-container is-layout-flow wp-block-cover-is-layout-flow\">\n<p class=\"has-text-align-center has-large-font-size\"><\/p>\n<\/div><\/div>\n<\/div>\n<\/div>\n<\/div>\n\n\n\n<div class=\"wp-block-cover alignwide is-light\" style=\"min-height:698px;aspect-ratio:unset;\"><span aria-hidden=\"true\" class=\"wp-block-cover__background has-background-dim-100 has-background-dim\" style=\"background-color:#ffffff\"><\/span><div class=\"wp-block-cover__inner-container is-layout-flow wp-block-cover-is-layout-flow\">\n<div class=\"wp-block-media-text alignwide has-media-on-the-right is-stacked-on-mobile is-vertically-aligned-center is-image-fill-element\" style=\"grid-template-columns:auto 56%\"><div class=\"wp-block-media-text__content\">\n<h1 class=\"wp-block-heading has-text-color\" style=\"color:#000000;font-size:32px\">Une sagesse ancestrale<\/h1>\n\n\n\n<p>L\u2019efficacit\u00e9 du soin Shenzen<sup>\u00a9<\/sup> repose sur la stimulation de points d\u2019acupuncture reli\u00e9s au merveilleux vaisseau <em>Tchong Mo<\/em>, un m\u00e9ridien fondamental consid\u00e9r\u00e9 comme un grand r\u00e9servoir d\u2019\u00e9nergie. Il emmagasine et redistribue l\u2019\u00e9nergie vitale selon les besoins du corps, soutenant ainsi ses capacit\u00e9s naturelles d\u2019autor\u00e9gulation et de r\u00e9g\u00e9n\u00e9ration.<\/p>\n\n\n\n<p>Premier m\u00e9ridien form\u00e9 lors de notre cr\u00e9ation, le <em>Tchong Mo<\/em> est au c\u0153ur de la circulation de l\u2019\u00e9nergie et du sang dans l\u2019ensemble de l\u2019organisme. Il prend sa source dans l\u2019\u00e9nergie des reins, notre \u00e9nergie originelle, appel\u00e9e <em>Ming Men<\/em>, v\u00e9ritable \u00e9tincelle de vie. En r\u00e9activant cette force profonde, le Shenzen<sup>\u00a9<\/sup> accompagne un retour \u00e0 l\u2019\u00e9quilibre, \u00e0 la vitalit\u00e9 et \u00e0 l\u2019harmonie int\u00e9rieure.<\/p>\n<\/div><figure class=\"wp-block-media-text__media\"><img loading=\"lazy\" decoding=\"async\" width=\"1024\" height=\"1024\" src=\"https:\/\/ayamaliberationdelame.com\/wp-content\/uploads\/2026\/01\/enfant-interieur-1-1-1024x1024.png\" alt=\"\" class=\"wp-image-389 size-full\" style=\"object-position:50% 50%\" srcset=\"https:\/\/ayamaliberationdelame.com\/wp-content\/uploads\/2026\/01\/enfant-interieur-1-1-1024x1024.png 1024w, https:\/\/ayamaliberationdelame.com\/wp-content\/uploads\/2026\/01\/enfant-interieur-1-1-300x300.png 300w, https:\/\/ayamaliberationdelame.com\/wp-content\/uploads\/2026\/01\/enfant-interieur-1-1-150x150.png 150w, https:\/\/ayamaliberationdelame.com\/wp-content\/uploads\/2026\/01\/enfant-interieur-1-1-768x768.png 768w, https:\/\/ayamaliberationdelame.com\/wp-content\/uploads\/2026\/01\/enfant-interieur-1-1-1536x1536.png 1536w, https:\/\/ayamaliberationdelame.com\/wp-content\/uploads\/2026\/01\/enfant-interieur-1-1-2048x2048.png 2048w, https:\/\/ayamaliberationdelame.com\/wp-content\/uploads\/2026\/01\/enfant-interieur-1-1-700x700.png 700w, https:\/\/ayamaliberationdelame.com\/wp-content\/uploads\/2026\/01\/enfant-interieur-1-1-1170x1170.png 1170w\" sizes=\"auto, (max-width: 1024px) 100vw, 1024px\" \/><\/figure><\/div>\n<\/div><\/div>\n\n\n\n<div class=\"wp-block-cover alignwide is-light\" style=\"min-height:666px;aspect-ratio:unset;\"><span aria-hidden=\"true\" class=\"wp-block-cover__background has-background-dim-100 has-background-dim\" style=\"background-color:#ffffff\"><\/span><div class=\"wp-block-cover__inner-container is-layout-flow wp-block-cover-is-layout-flow\">\n<div class=\"wp-block-columns alignwide are-vertically-aligned-center is-layout-flex wp-container-core-columns-is-layout-28f84493 wp-block-columns-is-layout-flex\">\n<div class=\"wp-block-column is-layout-flow wp-block-column-is-layout-flow\" style=\"flex-basis:56%\">\n<figure class=\"wp-block-image\"><img loading=\"lazy\" decoding=\"async\" width=\"1024\" height=\"1024\" src=\"http:\/\/ayamaliberationdelame.com\/wp-content\/uploads\/2026\/01\/20-1024x1024.png\" alt=\"\" class=\"wp-image-367\" srcset=\"https:\/\/ayamaliberationdelame.com\/wp-content\/uploads\/2026\/01\/20-1024x1024.png 1024w, https:\/\/ayamaliberationdelame.com\/wp-content\/uploads\/2026\/01\/20-300x300.png 300w, https:\/\/ayamaliberationdelame.com\/wp-content\/uploads\/2026\/01\/20-150x150.png 150w, https:\/\/ayamaliberationdelame.com\/wp-content\/uploads\/2026\/01\/20-768x768.png 768w, https:\/\/ayamaliberationdelame.com\/wp-content\/uploads\/2026\/01\/20-1536x1536.png 1536w, https:\/\/ayamaliberationdelame.com\/wp-content\/uploads\/2026\/01\/20-2048x2048.png 2048w, https:\/\/ayamaliberationdelame.com\/wp-content\/uploads\/2026\/01\/20-700x700.png 700w, https:\/\/ayamaliberationdelame.com\/wp-content\/uploads\/2026\/01\/20-1170x1170.png 1170w\" sizes=\"auto, (max-width: 1024px) 100vw, 1024px\" \/><\/figure>\n<\/div>\n\n\n\n<div class=\"wp-block-column is-layout-flow wp-block-column-is-layout-flow\" style=\"flex-basis:44%\">\n<h1 class=\"wp-block-heading has-text-color\" style=\"color:#000000;font-size:32px\">Des bienfaits multiples<\/h1>\n\n\n\n<p>Le massage Shenzen<sup>\u00a9<\/sup> est un soin profond de r\u00e9\u00e9quilibrage et de lib\u00e9ration, qui agit \u00e0 la fois sur le corps, l\u2019\u00e9nergie et les \u00e9motions. Il renforce les d\u00e9fenses naturelles et le syst\u00e8me immunitaire, soutient la sph\u00e8re digestive et aide le corps \u00e0 mieux assimiler, autant sur le plan physique qu\u2019\u00e9motionnel. Reconnu pour apaiser les troubles chroniques, il accompagne \u00e9galement les \u00e9tats de fatigue, de d\u00e9pression et de d\u00e9s\u00e9quilibre int\u00e9rieur.<\/p>\n\n\n\n<p>Sur un plan plus subtil, le Shenzen<sup>\u00a9<\/sup> permet de lib\u00e9rer les m\u00e9moires enfouies, les blessures et les \u00e9motions refoul\u00e9es, afin de restaurer une circulation harmonieuse de l\u2019\u00e9nergie vitale. Au fil des s\u00e9ances, une sensation d\u2019all\u00e8gement, de clart\u00e9 et de vitalit\u00e9 s\u2019installe, laissant \u00e9merger un profond sentiment de calme et de reconnexion \u00e0 soi.<\/p>\n\n\n\n<p>Ce soin est une v\u00e9ritable invitation \u00e0 se r\u00e9v\u00e9ler dans sa dimension physique et spirituelle. Pour en ressentir pleinement les bienfaits, un cycle initial de trois s\u00e9ances est recommand\u00e9, puis un accompagnement r\u00e9gulier, id\u00e9alement \u00e0 chaque inter-saison ou selon les besoins de chacun.<\/p>\n\n\n\n<div class=\"wp-block-group is-layout-constrained wp-block-group-is-layout-constrained\">\n<div class=\"wp-block-buttons is-layout-flex wp-block-buttons-is-layout-flex\">\n<div class=\"wp-block-button\"><a class=\"wp-block-button__link wp-element-button\" href=\"https:\/\/ayamaliberationdelame.com\/index.php\/contactez-nous\/\">Je me connecte \u00e0 mon \u00eatre<\/a><\/div>\n<\/div>\n<\/div>\n<\/div>\n<\/div>\n<\/div><\/div>\n","protected":false},"excerpt":{"rendered":"<p>Un etre authentique Nous venons au monde porteurs d\u2019une nature pure, align\u00e9e, lumineuse. Puis, au fil de la vie, les exp\u00e9riences, l\u2019environnement familial, l\u2019\u00e9ducation, les croyances et les \u00e9preuves fa\u00e7onnent des couches qui nous \u00e9loignent peu \u00e0 peu de notre essence profonde. Sans nous en rendre compte, nous apprenons \u00e0 nous adapter, \u00e0 nous prot\u00e9ger, [&hellip;]<\/p>\n","protected":false},"author":1,"featured_media":0,"parent":0,"menu_order":0,"comment_status":"closed","ping_status":"closed","template":"","meta":{"tpgb_global_settings":"","_surecart_dashboard_logo_width":"180px","_surecart_dashboard_show_logo":true,"_surecart_dashboard_navigation_orders":true,"_surecart_dashboard_navigation_invoices":true,"_surecart_dashboard_navigation_subscriptions":true,"_surecart_dashboard_navigation_downloads":true,"_surecart_dashboard_navigation_billing":true,"_surecart_dashboard_navigation_account":true,"footnotes":""},"class_list":["post-373","page","type-page","status-publish","hentry"],"tpgb_featured_images":null,"tpgb_post_meta_info":{"get_date":"janvier 26, 2026","get_modified_date":"janvier 31, 2026","author_name":"Elsa","author_url":"https:\/\/ayamaliberationdelame.com\/index.php\/author\/admin4528\/","author_email":"elsa.belliri@gmail.com","author_website":"http:\/\/ayamaliberationdelame.com","author_description":"","author_facebook":"","author_twitter":"","author_instagram":"","author_role":["administrator"],"author_firstname":"Elsa","author_lastname":"","user_login":"admin4528","author_avatar":"<img alt='' src='https:\/\/secure.gravatar.com\/avatar\/94fcea9fd01ada83134ee983b571dff56ff2b50303a23b81846dc60a2fa019a1?s=200&#038;d=mm&#038;r=g' srcset='https:\/\/secure.gravatar.com\/avatar\/94fcea9fd01ada83134ee983b571dff56ff2b50303a23b81846dc60a2fa019a1?s=400&#038;d=mm&#038;r=g 2x' class='avatar avatar-200 photo' height='200' width='200' loading='lazy' decoding='async'\/>","author_avatar_url":"https:\/\/secure.gravatar.com\/avatar\/94fcea9fd01ada83134ee983b571dff56ff2b50303a23b81846dc60a2fa019a1?s=96&d=mm&r=g","comment_count":0,"post_likes":0,"post_views":0},"tpgb_post_category":[],"jetpack_sharing_enabled":true,"_links":{"self":[{"href":"https:\/\/ayamaliberationdelame.com\/index.php\/wp-json\/wp\/v2\/pages\/373","targetHints":{"allow":["GET"]}}],"collection":[{"href":"https:\/\/ayamaliberationdelame.com\/index.php\/wp-json\/wp\/v2\/pages"}],"about":[{"href":"https:\/\/ayamaliberationdelame.com\/index.php\/wp-json\/wp\/v2\/types\/page"}],"author":[{"embeddable":true,"href":"https:\/\/ayamaliberationdelame.com\/index.php\/wp-json\/wp\/v2\/users\/1"}],"replies":[{"embeddable":true,"href":"https:\/\/ayamaliberationdelame.com\/index.php\/wp-json\/wp\/v2\/comments?post=373"}],"version-history":[{"count":8,"href":"https:\/\/ayamaliberationdelame.com\/index.php\/wp-json\/wp\/v2\/pages\/373\/revisions"}],"predecessor-version":[{"id":528,"href":"https:\/\/ayamaliberationdelame.com\/index.php\/wp-json\/wp\/v2\/pages\/373\/revisions\/528"}],"wp:attachment":[{"href":"https:\/\/ayamaliberationdelame.com\/index.php\/wp-json\/wp\/v2\/media?parent=373"}],"curies":[{"name":"wp","href":"https:\/\/api.w.org\/{rel}","templated":true}]}}