{"id":324,"date":"2026-01-26T14:34:16","date_gmt":"2026-01-26T14:34:16","guid":{"rendered":"https:\/\/ayamaliberationdelame.com\/?page_id=324"},"modified":"2026-01-31T14:30:46","modified_gmt":"2026-01-31T14:30:46","slug":"les-constellations-universelles","status":"publish","type":"page","link":"https:\/\/ayamaliberationdelame.com\/index.php\/les-constellations-universelles\/","title":{"rendered":"Les constellations universelles"},"content":{"rendered":"\n<div class=\"wp-block-group alignwide has-secondary-background-color has-background is-layout-constrained wp-container-core-group-is-layout-e51076de wp-block-group-is-layout-constrained\" style=\"padding-top:110px;padding-right:1.5rem;padding-bottom:110px;padding-left:1.5rem\">\n<div class=\"wp-block-columns is-layout-flex wp-container-core-columns-is-layout-e05d3243 wp-block-columns-is-layout-flex\" style=\"padding-top:0px;padding-right:0px;padding-bottom:0px;padding-left:0px\">\n<div class=\"wp-block-column is-layout-flow wp-block-column-is-layout-flow\">\n<div class=\"wp-block-group has-background-background-color has-background is-layout-flow wp-block-group-is-layout-flow\" style=\"padding-top:12%;padding-right:12%;padding-bottom:12%;padding-left:12%\">\n<h2 class=\"wp-block-heading is-style-ona-alt-font has-primary-color has-text-color has-medium-large-font-size\" id=\"my-travel-gear\" style=\"line-height:1.2\">Bienvenue <\/h2>\n\n\n\n<h2 class=\"wp-block-heading has-medium-large-font-size\" id=\"my-travel-gear\" style=\"line-height:1.2\">au sein de cet espace sacr\u00e9<\/h2>\n\n\n\n<p>Les constellations ouvrent un espace sacr\u00e9, un lieu o\u00f9 l\u2019\u00e2me peut enfin d\u00e9poser ce qui p\u00e8se. Dans ce champ invisible, chaque \u00e9nergie retrouve sa juste place, chaque lien se r\u00e9v\u00e8le tel qu\u2019il est, au-del\u00e0 des mots et du mental.<\/p>\n\n\n\n<p>Guid\u00e9es par l\u2019intelligence du vivant et la sagesse de l\u2019Univers, elles permettent de se reconnecter \u00e0 plus grand que soi, \u00e0 ce qui cherche l\u2019harmonie, l\u2019\u00e9quilibre et la paix.<\/p>\n\n\n\n<p>Ici, rien n\u2019est forc\u00e9. Tout se fait dans le respect du rythme, dans l\u2019\u00e9coute subtile des mouvements de l\u2019\u00e2me.<\/p>\n\n\n\n<p>Les constellations universelles ne donnent pas des r\u00e9ponses.<br>Elles rappellent.<br>Que tout est d\u00e9j\u00e0 l\u00e0.<br>Et que, parfois, il suffit de s\u2019aligner pour laisser l\u2019amour circuler \u00e0 nouveau.<\/p>\n\n\n\n<h3 class=\"wp-block-heading has-text-align-left is-style-ona-alt-font\">Si vous \u00eates ici, c&rsquo;est que nos chemins doivent peut-\u00eatre se croiser&#8230;<\/h3>\n\n\n\n<div style=\"height:10px\" aria-hidden=\"true\" class=\"wp-block-spacer\"><\/div>\n<\/div>\n<\/div>\n\n\n\n<div class=\"wp-block-column is-style-no-spacing is-layout-flow wp-block-column-is-layout-flow\">\n<div class=\"wp-block-cover is-light is-vertically-stretched\" style=\"min-height:897px;aspect-ratio:unset;\"><img loading=\"lazy\" decoding=\"async\" width=\"1024\" height=\"1024\" class=\"wp-block-cover__image-background wp-image-133 size-large\" alt=\"\" src=\"http:\/\/ayamaliberationdelame.com\/wp-content\/uploads\/2026\/01\/enfant-interieur-1024x1024.png\" data-object-fit=\"cover\" srcset=\"https:\/\/ayamaliberationdelame.com\/wp-content\/uploads\/2026\/01\/enfant-interieur-1024x1024.png 1024w, https:\/\/ayamaliberationdelame.com\/wp-content\/uploads\/2026\/01\/enfant-interieur-300x300.png 300w, https:\/\/ayamaliberationdelame.com\/wp-content\/uploads\/2026\/01\/enfant-interieur-150x150.png 150w, https:\/\/ayamaliberationdelame.com\/wp-content\/uploads\/2026\/01\/enfant-interieur.png 1860w\" sizes=\"auto, (max-width: 1024px) 100vw, 1024px\" \/><span aria-hidden=\"true\" class=\"wp-block-cover__background has-background-dim-0 has-background-dim\" style=\"background-color:#c7c7dc\"><\/span><div class=\"wp-block-cover__inner-container is-layout-flow wp-block-cover-is-layout-flow\">\n<p class=\"has-text-align-center has-large-font-size\"><\/p>\n<\/div><\/div>\n<\/div>\n<\/div>\n<\/div>\n\n\n\n<div class=\"wp-block-cover alignwide is-light\" style=\"min-height:808px;aspect-ratio:unset;\"><span aria-hidden=\"true\" class=\"wp-block-cover__background has-background-dim-100 has-background-dim\" style=\"background-color:#ffffff\"><\/span><div class=\"wp-block-cover__inner-container is-layout-flow wp-block-cover-is-layout-flow\">\n<div class=\"wp-block-media-text alignwide is-stacked-on-mobile is-vertically-aligned-center is-image-fill-element\" style=\"grid-template-columns:56% auto\"><figure class=\"wp-block-media-text__media\"><img loading=\"lazy\" decoding=\"async\" width=\"1024\" height=\"1024\" src=\"https:\/\/ayamaliberationdelame.com\/wp-content\/uploads\/2026\/01\/4-3-1024x1024.png\" alt=\"\" class=\"wp-image-334 size-full\" style=\"object-position:50% 50%\" srcset=\"https:\/\/ayamaliberationdelame.com\/wp-content\/uploads\/2026\/01\/4-3-1024x1024.png 1024w, https:\/\/ayamaliberationdelame.com\/wp-content\/uploads\/2026\/01\/4-3-300x300.png 300w, https:\/\/ayamaliberationdelame.com\/wp-content\/uploads\/2026\/01\/4-3-150x150.png 150w, https:\/\/ayamaliberationdelame.com\/wp-content\/uploads\/2026\/01\/4-3-768x768.png 768w, https:\/\/ayamaliberationdelame.com\/wp-content\/uploads\/2026\/01\/4-3-1536x1536.png 1536w, https:\/\/ayamaliberationdelame.com\/wp-content\/uploads\/2026\/01\/4-3-700x700.png 700w, https:\/\/ayamaliberationdelame.com\/wp-content\/uploads\/2026\/01\/4-3-1170x1170.png 1170w, https:\/\/ayamaliberationdelame.com\/wp-content\/uploads\/2026\/01\/4-3.png 1860w\" sizes=\"auto, (max-width: 1024px) 100vw, 1024px\" \/><\/figure><div class=\"wp-block-media-text__content\">\n<h1 class=\"wp-block-heading has-text-color\" style=\"color:#000000;font-size:32px\">Pour les constell\u00e9s<\/h1>\n\n\n\n<p>Lorsque l\u2019appel se fait sentir, qu\u2019une situation de vie demande \u00e0 \u00eatre \u00e9clair\u00e9e, la constellation universelle devient un espace de r\u00e9v\u00e9lation.<\/p>\n\n\n\n<p>Nous nous rencontrons d\u2019abord, pour poser une intention juste, celle que l\u2019\u00e2me est pr\u00eate \u00e0 explorer.<\/p>\n\n\n\n<p>Puis vient le jour de la constellation, moment sacr\u00e9 o\u00f9 le voile se soul\u00e8ve, o\u00f9 les mouvements invisibles se montrent et o\u00f9 l\u2019Univers \u0153uvre avec douceur.<\/p>\n\n\n\n<p>Apr\u00e8s la constellation, un temps de silence permet d\u2019int\u00e9grer, d\u2019ancrer ce qui a \u00e9t\u00e9 v\u00e9cu, et de laisser l\u2019\u00e9nergie poursuivre son chemin.<\/p>\n\n\n\n<p class=\"has-text-color\" style=\"color:#000000;font-size:17px\">Viendra l&rsquo;heure d&rsquo;\u00e9changer sur cet instant hors du temps. Vous recevrez les cl\u00e9s de votre constellation qui vous permettront d&rsquo;avancer vers votre paix int\u00e9rieure.<\/p>\n\n\n\n<div class=\"wp-block-buttons is-layout-flex wp-block-buttons-is-layout-flex\">\n<div class=\"wp-block-button is-style-fill\"><a class=\"wp-block-button__link wp-element-button\" href=\"https:\/\/ayamaliberationdelame.com\/index.php\/contactez-nous\/\">Je souhaite \u00eatre constell\u00e9<\/a><\/div>\n<\/div>\n<\/div><\/div>\n<\/div><\/div>\n\n\n\n<div class=\"wp-block-media-text alignwide has-media-on-the-right is-stacked-on-mobile is-vertically-aligned-center is-image-fill-element\" style=\"grid-template-columns:auto 56%\"><div class=\"wp-block-media-text__content\">\n<h2 class=\"wp-block-heading has-text-color\" style=\"color:#000000;font-size:32px\">Pour les participants<\/h2>\n\n\n\n<p>M\u00eame sans \u00eatre constell\u00e9.e, l\u2019\u00e2me travaille.<\/p>\n\n\n\n<p>En participant, vous entrez dans le champ, et ce qui se joue pour le constell\u00e9 r\u00e9sonne souvent en vous.<\/p>\n\n\n\n<p>Chaque place, chaque r\u00f4le, chaque ressenti est une exp\u00e9rience unique, un miroir subtil pour \u00e9clairer vos propres \u00e9motions et affiner votre \u00e9coute int\u00e9rieure.<\/p>\n\n\n\n<p>L&rsquo;un des plus beaux cadeaux de cette journ\u00e9e est la rencontre de l&rsquo;autre. Cette espace de non jugement est un bonheur qui permet au c\u0153ur de vibrer haut. \u00c0 la fin de la journ\u00e9e, vous vous sentirez appartenir \u00e0 ce tout qu&rsquo;est l&rsquo;Univers, profond\u00e9ment connect\u00e9.e les uns aux autres.<\/p>\n\n\n\n<p>Faites confiance \u00e0 l\u2019Univers.<br>Laissez vous guider.<br>Vous \u00eates toujours exactement l\u00e0 o\u00f9 vous devez \u00eatre.<\/p>\n\n\n\n<div class=\"wp-block-buttons is-layout-flex wp-block-buttons-is-layout-flex\">\n<div class=\"wp-block-button is-style-fill\"><a class=\"wp-block-button__link wp-element-button\" href=\"https:\/\/ayamaliberationdelame.com\/index.php\/boutique\/\">Je souhaite participer \u00e0 une constellation<\/a><\/div>\n<\/div>\n<\/div><figure class=\"wp-block-media-text__media\"><img loading=\"lazy\" decoding=\"async\" width=\"1024\" height=\"1024\" src=\"https:\/\/ayamaliberationdelame.com\/wp-content\/uploads\/2026\/01\/2-3-1024x1024.png\" alt=\"\" class=\"wp-image-335 size-full\" style=\"object-position:50% 50%\" srcset=\"https:\/\/ayamaliberationdelame.com\/wp-content\/uploads\/2026\/01\/2-3-1024x1024.png 1024w, https:\/\/ayamaliberationdelame.com\/wp-content\/uploads\/2026\/01\/2-3-300x300.png 300w, https:\/\/ayamaliberationdelame.com\/wp-content\/uploads\/2026\/01\/2-3-150x150.png 150w, https:\/\/ayamaliberationdelame.com\/wp-content\/uploads\/2026\/01\/2-3-768x768.png 768w, https:\/\/ayamaliberationdelame.com\/wp-content\/uploads\/2026\/01\/2-3-1536x1536.png 1536w, https:\/\/ayamaliberationdelame.com\/wp-content\/uploads\/2026\/01\/2-3-700x700.png 700w, https:\/\/ayamaliberationdelame.com\/wp-content\/uploads\/2026\/01\/2-3-1170x1170.png 1170w, https:\/\/ayamaliberationdelame.com\/wp-content\/uploads\/2026\/01\/2-3.png 1860w\" sizes=\"auto, (max-width: 1024px) 100vw, 1024px\" \/><\/figure><\/div>\n\n\n\n<hr class=\"wp-block-separator has-alpha-channel-opacity\"\/>\n\n\n<div class=\"tpgb-empty-space tpgb-block-90d2_324 \"><\/div>\n\n\n<figure class=\"wp-block-gallery alignwide has-nested-images columns-default is-cropped wp-block-gallery-1 is-layout-flex wp-block-gallery-is-layout-flex\">\n<figure data-wp-context=\"{&quot;imageId&quot;:&quot;69f3054e80e36&quot;}\" data-wp-interactive=\"core\/image\" data-wp-key=\"69f3054e80e36\" class=\"wp-block-image size-large wp-lightbox-container\"><img loading=\"lazy\" decoding=\"async\" width=\"1024\" height=\"483\" data-wp-class--hide=\"state.isContentHidden\" data-wp-class--show=\"state.isContentVisible\" data-wp-init=\"callbacks.setButtonStyles\" data-wp-on--click=\"actions.showLightbox\" data-wp-on--load=\"callbacks.setButtonStyles\" data-wp-on-window--resize=\"callbacks.setButtonStyles\" data-id=\"158\" src=\"http:\/\/ayamaliberationdelame.com\/wp-content\/uploads\/2026\/01\/Les-constellations-universelles-1-1024x483.png\" alt=\"\" class=\"wp-image-158\" srcset=\"https:\/\/ayamaliberationdelame.com\/wp-content\/uploads\/2026\/01\/Les-constellations-universelles-1-1024x483.png 1024w, https:\/\/ayamaliberationdelame.com\/wp-content\/uploads\/2026\/01\/Les-constellations-universelles-1-300x141.png 300w, https:\/\/ayamaliberationdelame.com\/wp-content\/uploads\/2026\/01\/Les-constellations-universelles-1-2000x943.png 2000w\" sizes=\"auto, (max-width: 1024px) 100vw, 1024px\" \/><button\n\t\t\tclass=\"lightbox-trigger\"\n\t\t\ttype=\"button\"\n\t\t\taria-haspopup=\"dialog\"\n\t\t\taria-label=\"Agrandir\"\n\t\t\tdata-wp-init=\"callbacks.initTriggerButton\"\n\t\t\tdata-wp-on--click=\"actions.showLightbox\"\n\t\t\tdata-wp-style--right=\"state.imageButtonRight\"\n\t\t\tdata-wp-style--top=\"state.imageButtonTop\"\n\t\t>\n\t\t\t<svg xmlns=\"http:\/\/www.w3.org\/2000\/svg\" width=\"12\" height=\"12\" fill=\"none\" viewBox=\"0 0 12 12\">\n\t\t\t\t<path fill=\"#fff\" d=\"M2 0a2 2 0 0 0-2 2v2h1.5V2a.5.5 0 0 1 .5-.5h2V0H2Zm2 10.5H2a.5.5 0 0 1-.5-.5V8H0v2a2 2 0 0 0 2 2h2v-1.5ZM8 12v-1.5h2a.5.5 0 0 0 .5-.5V8H12v2a2 2 0 0 1-2 2H8Zm2-12a2 2 0 0 1 2 2v2h-1.5V2a.5.5 0 0 0-.5-.5H8V0h2Z\" \/>\n\t\t\t<\/svg>\n\t\t<\/button><\/figure>\n<\/figure>\n\n\n\n<p><\/p>\n","protected":false},"excerpt":{"rendered":"<p>Bienvenue au sein de cet espace sacr\u00e9 Les constellations ouvrent un espace sacr\u00e9, un lieu o\u00f9 l\u2019\u00e2me peut enfin d\u00e9poser ce qui p\u00e8se. Dans ce champ invisible, chaque \u00e9nergie retrouve sa juste place, chaque lien se r\u00e9v\u00e8le tel qu\u2019il est, au-del\u00e0 des mots et du mental. Guid\u00e9es par l\u2019intelligence du vivant et la sagesse de [&hellip;]<\/p>\n","protected":false},"author":1,"featured_media":0,"parent":0,"menu_order":0,"comment_status":"closed","ping_status":"closed","template":"","meta":{"tpgb_global_settings":"","_surecart_dashboard_logo_width":"180px","_surecart_dashboard_show_logo":true,"_surecart_dashboard_navigation_orders":true,"_surecart_dashboard_navigation_invoices":true,"_surecart_dashboard_navigation_subscriptions":true,"_surecart_dashboard_navigation_downloads":true,"_surecart_dashboard_navigation_billing":true,"_surecart_dashboard_navigation_account":true,"footnotes":""},"class_list":["post-324","page","type-page","status-publish","hentry"],"tpgb_featured_images":null,"tpgb_post_meta_info":{"get_date":"janvier 26, 2026","get_modified_date":"janvier 31, 2026","author_name":"Elsa","author_url":"https:\/\/ayamaliberationdelame.com\/index.php\/author\/admin4528\/","author_email":"elsa.belliri@gmail.com","author_website":"http:\/\/ayamaliberationdelame.com","author_description":"","author_facebook":"","author_twitter":"","author_instagram":"","author_role":["administrator"],"author_firstname":"Elsa","author_lastname":"","user_login":"admin4528","author_avatar":"<img alt='' src='https:\/\/secure.gravatar.com\/avatar\/94fcea9fd01ada83134ee983b571dff56ff2b50303a23b81846dc60a2fa019a1?s=200&#038;d=mm&#038;r=g' srcset='https:\/\/secure.gravatar.com\/avatar\/94fcea9fd01ada83134ee983b571dff56ff2b50303a23b81846dc60a2fa019a1?s=400&#038;d=mm&#038;r=g 2x' class='avatar avatar-200 photo' height='200' width='200' loading='lazy' decoding='async'\/>","author_avatar_url":"https:\/\/secure.gravatar.com\/avatar\/94fcea9fd01ada83134ee983b571dff56ff2b50303a23b81846dc60a2fa019a1?s=96&d=mm&r=g","comment_count":0,"post_likes":0,"post_views":0},"tpgb_post_category":[],"jetpack_sharing_enabled":true,"_links":{"self":[{"href":"https:\/\/ayamaliberationdelame.com\/index.php\/wp-json\/wp\/v2\/pages\/324","targetHints":{"allow":["GET"]}}],"collection":[{"href":"https:\/\/ayamaliberationdelame.com\/index.php\/wp-json\/wp\/v2\/pages"}],"about":[{"href":"https:\/\/ayamaliberationdelame.com\/index.php\/wp-json\/wp\/v2\/types\/page"}],"author":[{"embeddable":true,"href":"https:\/\/ayamaliberationdelame.com\/index.php\/wp-json\/wp\/v2\/users\/1"}],"replies":[{"embeddable":true,"href":"https:\/\/ayamaliberationdelame.com\/index.php\/wp-json\/wp\/v2\/comments?post=324"}],"version-history":[{"count":10,"href":"https:\/\/ayamaliberationdelame.com\/index.php\/wp-json\/wp\/v2\/pages\/324\/revisions"}],"predecessor-version":[{"id":519,"href":"https:\/\/ayamaliberationdelame.com\/index.php\/wp-json\/wp\/v2\/pages\/324\/revisions\/519"}],"wp:attachment":[{"href":"https:\/\/ayamaliberationdelame.com\/index.php\/wp-json\/wp\/v2\/media?parent=324"}],"curies":[{"name":"wp","href":"https:\/\/api.w.org\/{rel}","templated":true}]}}