{"id":250,"date":"2026-01-25T11:30:07","date_gmt":"2026-01-25T11:30:07","guid":{"rendered":"https:\/\/ayamaliberationdelame.com\/index.php\/les-voyages-interieurs\/"},"modified":"2026-02-11T14:39:53","modified_gmt":"2026-02-11T14:39:53","slug":"les-voyages-interieurs","status":"publish","type":"page","link":"https:\/\/ayamaliberationdelame.com\/index.php\/les-voyages-interieurs\/","title":{"rendered":"Les Voyages Int\u00e9rieurs"},"content":{"rendered":"\n<div class=\"wp-block-group alignwide has-secondary-background-color has-background is-layout-constrained wp-container-core-group-is-layout-e51076de wp-block-group-is-layout-constrained\" style=\"padding-top:110px;padding-right:1.5rem;padding-bottom:110px;padding-left:1.5rem\">\n<div class=\"wp-block-columns is-layout-flex wp-container-core-columns-is-layout-e05d3243 wp-block-columns-is-layout-flex\" style=\"padding-top:0px;padding-right:0px;padding-bottom:0px;padding-left:0px\">\n<div class=\"wp-block-column is-layout-flow wp-block-column-is-layout-flow\">\n<div class=\"wp-block-group has-background-background-color has-background is-layout-flow wp-block-group-is-layout-flow\" style=\"padding-top:12%;padding-right:12%;padding-bottom:12%;padding-left:12%\">\n<h2 class=\"wp-block-heading is-style-ona-alt-font has-primary-color has-text-color has-medium-large-font-size\" id=\"my-travel-gear\" style=\"line-height:1.2\">Les voyages int\u00e9rieurs<\/h2>\n\n\n\n<h2 class=\"wp-block-heading has-medium-large-font-size\" id=\"my-travel-gear\" style=\"line-height:1.2\">En route vers votre \u00eatre authentique<\/h2>\n\n\n\n<p>Ici commencent <em>Les Voyages Int\u00e9rieurs<\/em> \u2014 ces chemins sacr\u00e9s o\u00f9 l\u2019esprit s\u2019apaise, o\u00f9 le c\u0153ur s\u2019ouvre et o\u00f9 l\u2019\u00eatre tout entier se souvient de sa lumi\u00e8re. C\u2019est une invitation \u00e0 descendre au plus profond de toi-m\u00eame, \u00e0 lib\u00e9rer ce qui entrave ta joie, \u00e0 rena\u00eetre port\u00e9\u00b7e par la sagesse de ta propre essence.<\/p>\n\n\n\n<p>Chaque Voyage est une rencontre intime : avec ton histoire, tes m\u00e9moires, ta force, ta magie et la souverainet\u00e9 de ton \u00e2me. Sur ces terres charg\u00e9es de myst\u00e8re et de beaut\u00e9, tu es appel\u00e9\u00b7e \u00e0 explorer, \u00e0 sentir, \u00e0 transformer. Ose ce pas vers l\u2019harmonie car ton \u00e2me te r\u00e9clame, libre d\u2019\u00eatre pleinement toi.<\/p>\n\n\n\n<h3 class=\"wp-block-heading has-text-align-right is-style-ona-alt-font\">Fleuriane &amp; Ros\u00e9a<\/h3>\n\n\n\n<div style=\"height:10px\" aria-hidden=\"true\" class=\"wp-block-spacer\"><\/div>\n<\/div>\n<\/div>\n\n\n\n<div class=\"wp-block-column is-style-no-spacing is-layout-flow wp-block-column-is-layout-flow\">\n<div class=\"wp-block-cover is-light is-vertically-stretched\" style=\"min-height:708px;aspect-ratio:unset;\"><video class=\"wp-block-cover__video-background intrinsic-ignore\" autoplay muted loop playsinline src=\"https:\/\/ayamaliberationdelame.com\/wp-content\/uploads\/2026\/01\/affiche-constellations-7.mp4\" data-object-fit=\"cover\"><\/video><span aria-hidden=\"true\" class=\"wp-block-cover__background has-background-dim-0 has-background-dim\" style=\"background-color:#FFF\"><\/span><div class=\"wp-block-cover__inner-container is-layout-flow wp-block-cover-is-layout-flow\">\n<p class=\"has-text-align-center has-large-font-size\"><\/p>\n<\/div><\/div>\n<\/div>\n<\/div>\n<\/div>\n\n\n\n<div class=\"wp-block-group alignwide has-background-light-background-color has-background is-layout-constrained wp-container-core-group-is-layout-719f73b0 wp-block-group-is-layout-constrained\" style=\"padding-top:100px;padding-bottom:100px\">\n<div class=\"wp-block-columns is-layout-flex wp-container-core-columns-is-layout-926afd96 wp-block-columns-is-layout-flex\">\n<div class=\"wp-block-column is-layout-flow wp-block-column-is-layout-flow\" style=\"flex-basis:40%\">\n<div class=\"wp-block-cover is-light has-custom-content-position is-position-bottom-left is-style-default\" style=\"margin-top:0;margin-bottom:40px;padding-bottom:20px;padding-left:0px;min-height:599px;aspect-ratio:unset;\"><video class=\"wp-block-cover__video-background intrinsic-ignore\" autoplay muted loop playsinline src=\"http:\/\/ayamaliberationdelame.com\/wp-content\/uploads\/2026\/01\/Printemps-2025-Ayama-STD-Liberte-de-lame.mp4\" data-object-fit=\"cover\"><\/video><span aria-hidden=\"true\" class=\"wp-block-cover__background has-background-dim-0 has-background-dim\" style=\"background-color:#FFF\"><\/span><div class=\"wp-block-cover__inner-container is-layout-flow wp-block-cover-is-layout-flow\">\n<div class=\"wp-block-group is-content-justification-left is-layout-constrained wp-container-core-group-is-layout-cda3b075 wp-block-group-is-layout-constrained\">\n<div class=\"wp-block-group has-background-background-color has-background is-layout-flex wp-container-core-group-is-layout-d745e8ae wp-block-group-is-layout-flex\" style=\"border-top-right-radius:5px;border-bottom-right-radius:5px;padding-top:28px;padding-bottom:28px\">\n<h3 class=\"wp-block-heading has-primary-color has-text-color\" style=\"font-size:2.5rem\">12 places<\/h3>\n<\/div>\n<\/div>\n<\/div><\/div>\n<\/div>\n\n\n\n<div class=\"wp-block-column is-layout-flow wp-block-column-is-layout-flow\">\n<h2 class=\"wp-block-heading has-large-font-size\" style=\"margin-bottom:32px\">Ton \u00e2me te r\u00e9clame, lib\u00e9r\u00e9e de toute entrave, ancr\u00e9e \u00e0 la terre, apais\u00e9e et reli\u00e9e aux \u00e9toiles.<\/h2>\n\n\n\n<p style=\"margin-bottom:40px;font-size:1.125rem\">Une rencontre d\u2019\u00e2mes \u00e0 \u00e2mes pour toutes celles et ceux qui souhaitent op\u00e9rer une belle transformation. Un voyage int\u00e9rieur, un pas de plus vers l\u2019harmonie de l\u2019\u00eatre.<\/p>\n\n\n\n<div class=\"wp-block-group is-layout-constrained wp-container-core-group-is-layout-5d20d09d wp-block-group-is-layout-constrained\" style=\"margin-bottom:48px\">\n<div class=\"wp-block-group is-nowrap is-layout-flex wp-container-core-group-is-layout-80ff1510 wp-block-group-is-layout-flex\">\n<figure class=\"wp-block-image size-full\"><img decoding=\"async\" src=\"https:\/\/ayamaliberationdelame.com\/wp-content\/themes\/ona\/assets\/img\/business\/ona_business_icon_check.svg\" alt=\"\" class=\"wp-image-290\"\/><\/figure>\n\n\n\n<p>Du 25 au 28 juin 2026<\/p>\n<\/div>\n\n\n\n<div class=\"wp-block-group is-nowrap is-layout-flex wp-container-core-group-is-layout-80ff1510 wp-block-group-is-layout-flex\">\n<figure class=\"wp-block-image size-full\"><img decoding=\"async\" src=\"https:\/\/ayamaliberationdelame.com\/wp-content\/themes\/ona\/assets\/img\/business\/ona_business_icon_check.svg\" alt=\"\" class=\"wp-image-290\"\/><\/figure>\n\n\n\n<p>6 constellations universelles sur les terres sacr\u00e9es de Broc\u00e9liande, rebirth &amp; c\u00e9r\u00e9monie sacr\u00e9e.<\/p>\n<\/div>\n\n\n\n<div class=\"wp-block-group is-nowrap is-layout-flex wp-container-core-group-is-layout-80ff1510 wp-block-group-is-layout-flex\">\n<figure class=\"wp-block-image size-full\"><img decoding=\"async\" src=\"https:\/\/ayamaliberationdelame.com\/wp-content\/themes\/ona\/assets\/img\/business\/ona_business_icon_check.svg\" alt=\"\" class=\"wp-image-290\"\/><\/figure>\n\n\n\n<p>475 \u20ac  par personne. 90 \u20ac en sus pour les constell\u00e9s.<br>Le tarif inclus l&rsquo;h\u00e9bergement en pleine nature, un cuisinier priv\u00e9, les repas, le linge de maison.<\/p>\n<\/div>\n<\/div>\n\n\n\n<div class=\"wp-block-buttons is-layout-flex wp-block-buttons-is-layout-flex\">\n<div class=\"wp-block-button\"><a class=\"wp-block-button__link wp-element-button\" href=\"https:\/\/forms.gle\/V9XexcJmfGhGVdQYA\">J&rsquo;entreprends ce voyage<\/a><\/div>\n<\/div>\n<\/div>\n<\/div>\n<\/div>\n\n\n\n<div class=\"wp-block-group alignwide has-background-light-background-color has-background is-layout-constrained wp-container-core-group-is-layout-719f73b0 wp-block-group-is-layout-constrained\" style=\"padding-top:100px;padding-bottom:100px\">\n<div class=\"wp-block-columns is-layout-flex wp-container-core-columns-is-layout-926afd96 wp-block-columns-is-layout-flex\">\n<div class=\"wp-block-column is-layout-flow wp-block-column-is-layout-flow\" style=\"flex-basis:40%\">\n<div class=\"wp-block-cover is-light has-custom-content-position is-position-bottom-left is-style-default\" style=\"margin-top:0;margin-bottom:40px;padding-bottom:20px;padding-left:0px;min-height:599px;aspect-ratio:unset;\"><video class=\"wp-block-cover__video-background intrinsic-ignore\" autoplay muted loop playsinline src=\"https:\/\/ayamaliberationdelame.com\/wp-content\/uploads\/2026\/01\/Juillet-2026-Ayama-STD-Liberte-de-lame-1.mp4\" data-object-fit=\"cover\"><\/video><span aria-hidden=\"true\" class=\"wp-block-cover__background has-background-dim-0 has-background-dim\" style=\"background-color:#FFF\"><\/span><div class=\"wp-block-cover__inner-container is-layout-flow wp-block-cover-is-layout-flow\">\n<div class=\"wp-block-group is-content-justification-left is-layout-constrained wp-container-core-group-is-layout-cda3b075 wp-block-group-is-layout-constrained\">\n<div class=\"wp-block-group has-background-background-color has-background is-layout-flex wp-container-core-group-is-layout-d745e8ae wp-block-group-is-layout-flex\" style=\"border-top-right-radius:5px;border-bottom-right-radius:5px;padding-top:28px;padding-bottom:28px\">\n<h3 class=\"wp-block-heading has-primary-color has-text-color\" style=\"font-size:2.5rem\">8 places<\/h3>\n<\/div>\n<\/div>\n<\/div><\/div>\n<\/div>\n\n\n\n<div class=\"wp-block-column is-layout-flow wp-block-column-is-layout-flow\">\n<h2 class=\"wp-block-heading has-large-font-size\" style=\"margin-bottom:32px\">Je me lib\u00e8re des m\u00e9moires du pass\u00e9, <br>je lib\u00e8re ma divinit\u00e9 int\u00e9rieure, je renoue avec mon rythme sacr\u00e9.<\/h2>\n\n\n\n<p style=\"margin-bottom:40px;font-size:1.125rem\">J\u2019ai connu l\u2019exil, l\u2019injustice, la mort. Aujourd\u2019hui vient ma renaissance, libre d\u2019\u00eatre pleinement moi, puissamment vibrant.e.<\/p>\n\n\n\n<div class=\"wp-block-group is-layout-constrained wp-container-core-group-is-layout-5d20d09d wp-block-group-is-layout-constrained\" style=\"margin-bottom:48px\">\n<div class=\"wp-block-group is-nowrap is-layout-flex wp-container-core-group-is-layout-80ff1510 wp-block-group-is-layout-flex\">\n<figure class=\"wp-block-image size-full\"><img decoding=\"async\" src=\"https:\/\/ayamaliberationdelame.com\/wp-content\/themes\/ona\/assets\/img\/business\/ona_business_icon_check.svg\" alt=\"\" class=\"wp-image-290\"\/><\/figure>\n\n\n\n<p>Du 11 au 17 juillet 2026<\/p>\n<\/div>\n\n\n\n<div class=\"wp-block-group is-nowrap is-layout-flex wp-container-core-group-is-layout-80ff1510 wp-block-group-is-layout-flex\">\n<figure class=\"wp-block-image size-full\"><img decoding=\"async\" src=\"https:\/\/ayamaliberationdelame.com\/wp-content\/themes\/ona\/assets\/img\/business\/ona_business_icon_check.svg\" alt=\"\" class=\"wp-image-290\"\/><\/figure>\n\n\n\n<p>Sophrologie, constellations \u00e0 th\u00e8mes, lib\u00e9ration des m\u00e9moires de sorci\u00e8res, rebirth, ateliers de reconnexion \u00e0 sa puissance et sa magie, rituels sacr\u00e9s, m\u00e9ditations guid\u00e9es, souffle des sorci\u00e8res.<\/p>\n<\/div>\n\n\n\n<div class=\"wp-block-group is-nowrap is-layout-flex wp-container-core-group-is-layout-80ff1510 wp-block-group-is-layout-flex\">\n<figure class=\"wp-block-image size-full\"><img decoding=\"async\" src=\"https:\/\/ayamaliberationdelame.com\/wp-content\/themes\/ona\/assets\/img\/business\/ona_business_icon_check.svg\" alt=\"\" class=\"wp-image-290\"\/><\/figure>\n\n\n\n<p>1 333 \u20ac  par personne. <br>Le tarif inclus l&rsquo;h\u00e9bergement en pleine nature, un cuisinier priv\u00e9, les repas, le linge de maison.<\/p>\n<\/div>\n<\/div>\n\n\n\n<div class=\"wp-block-buttons is-layout-flex wp-block-buttons-is-layout-flex\">\n<div class=\"wp-block-button\"><a class=\"wp-block-button__link wp-element-button\" href=\"https:\/\/forms.gle\/i128UrKAdwYfcDPx5\">J&rsquo;entreprends ce voyage<\/a><\/div>\n<\/div>\n<\/div>\n<\/div>\n<\/div>\n\n\n\n<div class=\"wp-block-group alignwide has-background-light-background-color has-background is-layout-constrained wp-container-core-group-is-layout-719f73b0 wp-block-group-is-layout-constrained\" style=\"padding-top:100px;padding-bottom:100px\">\n<div class=\"wp-block-columns is-layout-flex wp-container-core-columns-is-layout-926afd96 wp-block-columns-is-layout-flex\">\n<div class=\"wp-block-column is-layout-flow wp-block-column-is-layout-flow\" style=\"flex-basis:40%\">\n<div class=\"wp-block-cover is-light has-custom-content-position is-position-bottom-left is-style-default\" style=\"margin-top:0;margin-bottom:40px;padding-bottom:20px;padding-left:0px;min-height:601px;aspect-ratio:unset;\"><video class=\"wp-block-cover__video-background intrinsic-ignore\" autoplay muted loop playsinline src=\"https:\/\/ayamaliberationdelame.com\/wp-content\/uploads\/2026\/01\/Automne-2026-Ayama-STD-Liberte-de-lame-1.mp4\" data-object-fit=\"cover\"><\/video><span aria-hidden=\"true\" class=\"wp-block-cover__background has-background-dim-0 has-background-dim\" style=\"background-color:#FFF\"><\/span><div class=\"wp-block-cover__inner-container is-layout-flow wp-block-cover-is-layout-flow\">\n<div class=\"wp-block-group is-content-justification-left is-layout-constrained wp-container-core-group-is-layout-cda3b075 wp-block-group-is-layout-constrained\">\n<div class=\"wp-block-group has-background-background-color has-background is-layout-flex wp-container-core-group-is-layout-d745e8ae wp-block-group-is-layout-flex\" style=\"border-top-right-radius:5px;border-bottom-right-radius:5px;padding-top:28px;padding-bottom:28px\">\n<h3 class=\"wp-block-heading has-primary-color has-text-color\" style=\"font-size:2.5rem\">12 places<\/h3>\n<\/div>\n<\/div>\n<\/div><\/div>\n<\/div>\n\n\n\n<div class=\"wp-block-column is-layout-flow wp-block-column-is-layout-flow\">\n<h2 class=\"wp-block-heading has-large-font-size\" style=\"margin-bottom:32px\">Je suis souveraine de mon univers et pr\u00eatresse au service de ma propre divinit\u00e9<\/h2>\n\n\n\n<p style=\"margin-bottom:40px;font-size:1.125rem\">J\u2019empuissance mon \u00e2me, je r\u00e9v\u00e8le la pr\u00eatresse souveraine que je suis. Rendez-vous sur les terres normandes.<\/p>\n\n\n\n<div class=\"wp-block-group is-layout-constrained wp-container-core-group-is-layout-5d20d09d wp-block-group-is-layout-constrained\" style=\"margin-bottom:48px\">\n<div class=\"wp-block-group is-nowrap is-layout-flex wp-container-core-group-is-layout-80ff1510 wp-block-group-is-layout-flex\">\n<figure class=\"wp-block-image size-full\"><img decoding=\"async\" src=\"https:\/\/ayamaliberationdelame.com\/wp-content\/themes\/ona\/assets\/img\/business\/ona_business_icon_check.svg\" alt=\"\" class=\"wp-image-290\"\/><\/figure>\n\n\n\n<p>Du 11 au 14 novembre 2026<\/p>\n<\/div>\n\n\n\n<div class=\"wp-block-group is-nowrap is-layout-flex wp-container-core-group-is-layout-80ff1510 wp-block-group-is-layout-flex\">\n<figure class=\"wp-block-image size-full\"><img decoding=\"async\" src=\"https:\/\/ayamaliberationdelame.com\/wp-content\/themes\/ona\/assets\/img\/business\/ona_business_icon_check.svg\" alt=\"\" class=\"wp-image-290\"\/><\/figure>\n\n\n\n<p>Sophrologie, shadow work, rebirth, constellations universelles, c\u00e9r\u00e9monies sacr\u00e9es, beaut\u00e9 et sacre de l\u2019\u00e2me et du corps.<\/p>\n<\/div>\n\n\n\n<div class=\"wp-block-group is-nowrap is-layout-flex wp-container-core-group-is-layout-80ff1510 wp-block-group-is-layout-flex\">\n<figure class=\"wp-block-image size-full\"><img decoding=\"async\" src=\"https:\/\/ayamaliberationdelame.com\/wp-content\/themes\/ona\/assets\/img\/business\/ona_business_icon_check.svg\" alt=\"\" class=\"wp-image-290\"\/><\/figure>\n\n\n\n<p>777 \u20ac  par personne. 90 \u20ac en sus pour les constell\u00e9s.<br>Le tarif inclus l&rsquo;h\u00e9bergement en pleine nature, un cuisinier priv\u00e9, les repas, le linge de maison.<\/p>\n<\/div>\n<\/div>\n\n\n\n<div class=\"wp-block-buttons is-layout-flex wp-block-buttons-is-layout-flex\">\n<div class=\"wp-block-button\"><a class=\"wp-block-button__link wp-element-button\" href=\"https:\/\/forms.gle\/PCDx1XCpuZVaevA67\">J&rsquo;entreprends ce voyage<\/a><\/div>\n<\/div>\n<\/div>\n<\/div>\n<\/div>\n\n\n\n<div class=\"wp-block-group alignwide ona-container is-style-no-spacing has-tertiary-background-color has-background is-layout-constrained wp-container-core-group-is-layout-ed30c500 wp-block-group-is-layout-constrained\" style=\"padding-top:100px;padding-bottom:100px\">\n<p class=\"has-text-align-center ona-text-letter-spacing has-foreground-color has-text-color has-tiny-font-size\">T\u00c9MOIGNAGES<\/p>\n\n\n\n<div class=\"wp-block-columns is-layout-flex wp-container-core-columns-is-layout-28f84493 wp-block-columns-is-layout-flex\">\n<div class=\"wp-block-column is-layout-flow wp-block-column-is-layout-flow\">\n<div class=\"wp-block-group has-background-background-color has-background is-layout-flow wp-block-group-is-layout-flow\" style=\"padding-top:3rem;padding-right:2.5rem;padding-bottom:2.5rem;padding-left:2.5rem\">\n<p class=\"is-style-no-spacing has-primary-color has-text-color has-x-large-font-size\" style=\"line-height:.5\">\u201d<\/p>\n\n\n\n<p class=\"has-headings-color has-text-color\"><em>Je suis partie deux fois en retraite lib\u00e9ration avec Fleuriane. Deux fois, ce fut de magnifiques moments hors du temps. Une vrai bulle de reconnexion \u00e0 soi, \u00e0 la nature, \u00e0 l&rsquo;humanit\u00e9. Ce fut une belle exp\u00e9rience que je recommande \u00e0 tous ceux ou celles qui souhaitent prendre du temps pour soi, se lib\u00e9rer de ce qui lui p\u00e8se et de rencontrer des gens qui ont du c\u0153ur. Je repars cette ann\u00e9e avec plaisir !<\/em><\/p>\n\n\n\n<h3 class=\"wp-block-heading\" id=\"xyrel-paterson\" style=\"font-size:0.9375rem\">\u2014 Elsa<\/h3>\n<\/div>\n\n\n\n<div style=\"height:20px\" aria-hidden=\"true\" class=\"wp-block-spacer\"><\/div>\n<\/div>\n\n\n\n<div class=\"wp-block-column is-layout-flow wp-block-column-is-layout-flow\">\n<div class=\"wp-block-group has-background-background-color has-background is-layout-flow wp-block-group-is-layout-flow\" style=\"padding-top:3rem;padding-right:2.5rem;padding-bottom:2.5rem;padding-left:2.5rem\">\n<p class=\"is-style-no-spacing has-primary-color has-text-color has-x-large-font-size\" style=\"line-height:.5\">\u201d<\/p>\n\n\n\n<p class=\"has-headings-color has-text-color\"><em>Ce voyage m\u2019a offert un espace de douceur et de s\u00e9curit\u00e9 o\u00f9 j\u2019ai pu me d\u00e9poser pleinement. Je me suis sentie accueillie avec beaucoup de bienveillance, sans jugement, simplement telle que je suis.<\/em> <em>J\u2019ai ressenti une puissance calme grandir en moi, comme un rappel de qui je suis vraiment. Une lumi\u00e8re int\u00e9rieure s\u2019est rallum\u00e9e, apportant clart\u00e9, apaisement et confiance.<\/em> <em>Je repars plus align\u00e9e, plus sereine et profond\u00e9ment reconnaissante pour ce moment hors du temps. Merci !<\/em><\/p>\n\n\n\n<h3 class=\"wp-block-heading\" id=\"xyrel-paterson\" style=\"font-size:0.9375rem\">\u2014 Perrine<\/h3>\n<\/div>\n\n\n\n<div style=\"height:20px\" aria-hidden=\"true\" class=\"wp-block-spacer\"><\/div>\n<\/div>\n\n\n\n<div class=\"wp-block-column is-layout-flow wp-block-column-is-layout-flow\">\n<div class=\"wp-block-group has-background-background-color has-background is-layout-flow wp-block-group-is-layout-flow\" style=\"padding-top:3rem;padding-right:2.5rem;padding-bottom:2.5rem;padding-left:2.5rem\">\n<p class=\"is-style-no-spacing has-primary-color has-text-color has-x-large-font-size\" style=\"line-height:.5\">\u201d<\/p>\n\n\n\n<p class=\"has-headings-color has-text-color\"><em>Des lieux superbes, un rythme assez soutenu car de nombreuses constellations, m\u00eame si \u00e7a parait beaucoup<\/em> \u00e7a reste assez incroyable. Je repars cette ann\u00e9e \u00e9galement avec grand plaisir.<\/p>\n\n\n\n<h3 class=\"wp-block-heading\" id=\"xyrel-paterson\" style=\"font-size:0.9375rem\">\u2014 G\u00e9raldine<\/h3>\n<\/div>\n\n\n\n<div style=\"height:20px\" aria-hidden=\"true\" class=\"wp-block-spacer\"><\/div>\n<\/div>\n<\/div>\n<\/div>\n","protected":false},"excerpt":{"rendered":"<p>Les voyages int\u00e9rieurs En route vers votre \u00eatre authentique Ici commencent Les Voyages Int\u00e9rieurs \u2014 ces chemins sacr\u00e9s o\u00f9 l\u2019esprit s\u2019apaise, o\u00f9 le c\u0153ur s\u2019ouvre et o\u00f9 l\u2019\u00eatre tout entier se souvient de sa lumi\u00e8re. C\u2019est une invitation \u00e0 descendre au plus profond de toi-m\u00eame, \u00e0 lib\u00e9rer ce qui entrave ta joie, \u00e0 rena\u00eetre port\u00e9\u00b7e [&hellip;]<\/p>\n","protected":false},"author":1,"featured_media":0,"parent":0,"menu_order":0,"comment_status":"closed","ping_status":"closed","template":"","meta":{"tpgb_global_settings":"","_surecart_dashboard_logo_width":"180px","_surecart_dashboard_show_logo":true,"_surecart_dashboard_navigation_orders":true,"_surecart_dashboard_navigation_invoices":true,"_surecart_dashboard_navigation_subscriptions":true,"_surecart_dashboard_navigation_downloads":true,"_surecart_dashboard_navigation_billing":true,"_surecart_dashboard_navigation_account":true,"footnotes":""},"class_list":["post-250","page","type-page","status-publish","hentry"],"tpgb_featured_images":null,"tpgb_post_meta_info":{"get_date":"janvier 25, 2026","get_modified_date":"f\u00e9vrier 11, 2026","author_name":"Elsa","author_url":"https:\/\/ayamaliberationdelame.com\/index.php\/author\/admin4528\/","author_email":"elsa.belliri@gmail.com","author_website":"http:\/\/ayamaliberationdelame.com","author_description":"","author_facebook":"","author_twitter":"","author_instagram":"","author_role":["administrator"],"author_firstname":"Elsa","author_lastname":"","user_login":"admin4528","author_avatar":"<img alt='' src='https:\/\/secure.gravatar.com\/avatar\/94fcea9fd01ada83134ee983b571dff56ff2b50303a23b81846dc60a2fa019a1?s=200&#038;d=mm&#038;r=g' srcset='https:\/\/secure.gravatar.com\/avatar\/94fcea9fd01ada83134ee983b571dff56ff2b50303a23b81846dc60a2fa019a1?s=400&#038;d=mm&#038;r=g 2x' class='avatar avatar-200 photo' height='200' width='200' loading='lazy' decoding='async'\/>","author_avatar_url":"https:\/\/secure.gravatar.com\/avatar\/94fcea9fd01ada83134ee983b571dff56ff2b50303a23b81846dc60a2fa019a1?s=96&d=mm&r=g","comment_count":0,"post_likes":0,"post_views":0},"tpgb_post_category":[],"jetpack_sharing_enabled":true,"_links":{"self":[{"href":"https:\/\/ayamaliberationdelame.com\/index.php\/wp-json\/wp\/v2\/pages\/250","targetHints":{"allow":["GET"]}}],"collection":[{"href":"https:\/\/ayamaliberationdelame.com\/index.php\/wp-json\/wp\/v2\/pages"}],"about":[{"href":"https:\/\/ayamaliberationdelame.com\/index.php\/wp-json\/wp\/v2\/types\/page"}],"author":[{"embeddable":true,"href":"https:\/\/ayamaliberationdelame.com\/index.php\/wp-json\/wp\/v2\/users\/1"}],"replies":[{"embeddable":true,"href":"https:\/\/ayamaliberationdelame.com\/index.php\/wp-json\/wp\/v2\/comments?post=250"}],"version-history":[{"count":19,"href":"https:\/\/ayamaliberationdelame.com\/index.php\/wp-json\/wp\/v2\/pages\/250\/revisions"}],"predecessor-version":[{"id":504,"href":"https:\/\/ayamaliberationdelame.com\/index.php\/wp-json\/wp\/v2\/pages\/250\/revisions\/504"}],"wp:attachment":[{"href":"https:\/\/ayamaliberationdelame.com\/index.php\/wp-json\/wp\/v2\/media?parent=250"}],"curies":[{"name":"wp","href":"https:\/\/api.w.org\/{rel}","templated":true}]}}