{"id":228,"date":"2026-01-25T10:57:23","date_gmt":"2026-01-25T10:57:23","guid":{"rendered":"https:\/\/ayamaliberationdelame.com\/?page_id=228"},"modified":"2026-01-27T12:36:10","modified_gmt":"2026-01-27T12:36:10","slug":"les-soins","status":"publish","type":"page","link":"https:\/\/ayamaliberationdelame.com\/index.php\/les-soins\/","title":{"rendered":"Les soins"},"content":{"rendered":"\n<div class=\"wp-block-group alignwide has-background-light-background-color has-background is-layout-constrained wp-container-core-group-is-layout-434ef3ae wp-block-group-is-layout-constrained\" style=\"padding-bottom:110px\">\n<div class=\"wp-block-media-text alignwide is-stacked-on-mobile\" style=\"grid-template-columns:68.5% auto\"><figure class=\"wp-block-media-text__media\"><img loading=\"lazy\" decoding=\"async\" width=\"1024\" height=\"576\" src=\"https:\/\/ayamaliberationdelame.com\/wp-content\/uploads\/2026\/01\/orite-1-1024x576.png\" alt=\"\" class=\"wp-image-318 size-full\" srcset=\"https:\/\/ayamaliberationdelame.com\/wp-content\/uploads\/2026\/01\/orite-1-1024x576.png 1024w, https:\/\/ayamaliberationdelame.com\/wp-content\/uploads\/2026\/01\/orite-1-300x169.png 300w, https:\/\/ayamaliberationdelame.com\/wp-content\/uploads\/2026\/01\/orite-1-768x432.png 768w, https:\/\/ayamaliberationdelame.com\/wp-content\/uploads\/2026\/01\/orite-1-1536x864.png 1536w, https:\/\/ayamaliberationdelame.com\/wp-content\/uploads\/2026\/01\/orite-1-2048x1152.png 2048w, https:\/\/ayamaliberationdelame.com\/wp-content\/uploads\/2026\/01\/orite-1-1170x658.png 1170w\" sizes=\"auto, (max-width: 1024px) 100vw, 1024px\" \/><\/figure><div class=\"wp-block-media-text__content\">\n<div class=\"wp-block-group is-style-ona-negative-offset-left has-background-background-color has-background is-layout-flow wp-block-group-is-layout-flow\" style=\"padding-top:20%;padding-right:15%;padding-bottom:20%;padding-left:15%\">\n<h1 class=\"wp-block-heading has-text-align-center has-large-font-size\" id=\"hey-i-m-ona-and-this-is-my-travel-journal\">Poussez la porte, <br>r\u00e9pondez \u00e0 l&rsquo;appel <br>de votre \u00e2me<\/h1>\n<\/div>\n<\/div><\/div>\n<\/div>\n\n\n\n<div class=\"wp-block-columns is-layout-flex wp-container-core-columns-is-layout-28f84493 wp-block-columns-is-layout-flex\">\n<div class=\"wp-block-column is-layout-flow wp-block-column-is-layout-flow\">\n<figure class=\"wp-block-image size-large\"><a href=\"https:\/\/ayamaliberationdelame.com\/index.php\/les-constellations-universelles\/\"><img loading=\"lazy\" decoding=\"async\" width=\"819\" height=\"1024\" src=\"https:\/\/ayamaliberationdelame.com\/wp-content\/uploads\/2026\/01\/1-6-819x1024.png\" alt=\"\" class=\"wp-image-231\" srcset=\"https:\/\/ayamaliberationdelame.com\/wp-content\/uploads\/2026\/01\/1-6-819x1024.png 819w, https:\/\/ayamaliberationdelame.com\/wp-content\/uploads\/2026\/01\/1-6-240x300.png 240w, https:\/\/ayamaliberationdelame.com\/wp-content\/uploads\/2026\/01\/1-6-768x960.png 768w, https:\/\/ayamaliberationdelame.com\/wp-content\/uploads\/2026\/01\/1-6-1229x1536.png 1229w, https:\/\/ayamaliberationdelame.com\/wp-content\/uploads\/2026\/01\/1-6-1638x2048.png 1638w, https:\/\/ayamaliberationdelame.com\/wp-content\/uploads\/2026\/01\/1-6-1170x1463.png 1170w, https:\/\/ayamaliberationdelame.com\/wp-content\/uploads\/2026\/01\/1-6.png 1755w\" sizes=\"auto, (max-width: 819px) 100vw, 819px\" \/><\/a><\/figure>\n\n\n\n<p style=\"font-size:14px\"><strong>Les Constellations universelles<\/strong><br>Les constellations universelles sont une approche qui permet de mieux comprendre les relations, les blocages et les sch\u00e9mas r\u00e9p\u00e9titifs. Elles mettent en lumi\u00e8re les liens invisibles entre les \u00eatres, les g\u00e9n\u00e9rations et l\u2019univers.<\/p>\n<\/div>\n\n\n\n<div class=\"wp-block-column is-layout-flow wp-block-column-is-layout-flow\">\n<div style=\"height:100px\" aria-hidden=\"true\" class=\"wp-block-spacer\"><\/div>\n\n\n\n<p style=\"font-size:14px\"><strong>Le Rebirth<\/strong><br>Le soin Rebirth est une pratique de respiration qui aide \u00e0 rel\u00e2cher les tensions et \u00e0 se reconnecter \u00e0 soi. Il lib\u00e8re les m\u00e9moires \u00e9motionnelles pour permettre \u00e0 l\u2019\u00e9nergie de vie de circuler librement.<\/p>\n\n\n\n<figure class=\"wp-block-image size-large\"><a href=\"https:\/\/ayamaliberationdelame.com\/index.php\/le-rebirth\/\"><img loading=\"lazy\" decoding=\"async\" width=\"819\" height=\"1024\" src=\"https:\/\/ayamaliberationdelame.com\/wp-content\/uploads\/2026\/01\/2-2-819x1024.png\" alt=\"\" class=\"wp-image-232\" srcset=\"https:\/\/ayamaliberationdelame.com\/wp-content\/uploads\/2026\/01\/2-2-819x1024.png 819w, https:\/\/ayamaliberationdelame.com\/wp-content\/uploads\/2026\/01\/2-2-240x300.png 240w, https:\/\/ayamaliberationdelame.com\/wp-content\/uploads\/2026\/01\/2-2-768x960.png 768w, https:\/\/ayamaliberationdelame.com\/wp-content\/uploads\/2026\/01\/2-2-1229x1536.png 1229w, https:\/\/ayamaliberationdelame.com\/wp-content\/uploads\/2026\/01\/2-2-1638x2048.png 1638w, https:\/\/ayamaliberationdelame.com\/wp-content\/uploads\/2026\/01\/2-2-1170x1463.png 1170w, https:\/\/ayamaliberationdelame.com\/wp-content\/uploads\/2026\/01\/2-2.png 1755w\" sizes=\"auto, (max-width: 819px) 100vw, 819px\" \/><\/a><\/figure>\n<\/div>\n<\/div>\n\n\n\n<div class=\"wp-block-columns is-layout-flex wp-container-core-columns-is-layout-28f84493 wp-block-columns-is-layout-flex\">\n<div class=\"wp-block-column is-layout-flow wp-block-column-is-layout-flow\">\n<figure class=\"wp-block-image size-large\"><a href=\"https:\/\/ayamaliberationdelame.com\/index.php\/laccess-bar\/\"><img loading=\"lazy\" decoding=\"async\" width=\"819\" height=\"1024\" src=\"https:\/\/ayamaliberationdelame.com\/wp-content\/uploads\/2026\/01\/4-2-819x1024.png\" alt=\"\" class=\"wp-image-233\" srcset=\"https:\/\/ayamaliberationdelame.com\/wp-content\/uploads\/2026\/01\/4-2-819x1024.png 819w, https:\/\/ayamaliberationdelame.com\/wp-content\/uploads\/2026\/01\/4-2-240x300.png 240w, https:\/\/ayamaliberationdelame.com\/wp-content\/uploads\/2026\/01\/4-2-768x960.png 768w, https:\/\/ayamaliberationdelame.com\/wp-content\/uploads\/2026\/01\/4-2-1229x1536.png 1229w, https:\/\/ayamaliberationdelame.com\/wp-content\/uploads\/2026\/01\/4-2-1638x2048.png 1638w, https:\/\/ayamaliberationdelame.com\/wp-content\/uploads\/2026\/01\/4-2-1170x1463.png 1170w, https:\/\/ayamaliberationdelame.com\/wp-content\/uploads\/2026\/01\/4-2.png 1755w\" sizes=\"auto, (max-width: 819px) 100vw, 819px\" \/><\/a><\/figure>\n\n\n\n<p style=\"font-size:14px\"><strong>L&rsquo;Access Bars<\/strong><sup>\u00ae<\/sup><br>Le soin Access Bars, de la m\u00e9thode Access Consciousness\u00ae, consiste en un toucher doux de points cr\u00e2niens pour apaiser le mental et rel\u00e2cher les blocages. Il est une invitation \u00e0 faire de la place au nouveau en lib\u00e9rant les m\u00e9moires limitantes pour ouvrir le champ des possibles.<\/p>\n<\/div>\n\n\n\n<div class=\"wp-block-column is-layout-flow wp-block-column-is-layout-flow\">\n<div style=\"height:50px\" aria-hidden=\"true\" class=\"wp-block-spacer\"><\/div>\n\n\n\n<p style=\"font-size:14px\"><strong>Le Rebozo<\/strong><br>Le soin Rebozo est un rituel d\u2019enveloppement et de bercement favorisant d\u00e9tente et r\u00e9\u00e9quilibrage. Il honore les passages de vie en apportant ancrage, soutien et transformation.<\/p>\n\n\n\n<figure class=\"wp-block-image size-large\"><a href=\"https:\/\/ayamaliberationdelame.com\/index.php\/le-rebozo\/\"><img loading=\"lazy\" decoding=\"async\" width=\"819\" height=\"1024\" src=\"https:\/\/ayamaliberationdelame.com\/wp-content\/uploads\/2026\/01\/5-3-819x1024.png\" alt=\"\" class=\"wp-image-235\" srcset=\"https:\/\/ayamaliberationdelame.com\/wp-content\/uploads\/2026\/01\/5-3-819x1024.png 819w, https:\/\/ayamaliberationdelame.com\/wp-content\/uploads\/2026\/01\/5-3-240x300.png 240w, https:\/\/ayamaliberationdelame.com\/wp-content\/uploads\/2026\/01\/5-3-768x960.png 768w, https:\/\/ayamaliberationdelame.com\/wp-content\/uploads\/2026\/01\/5-3-1229x1536.png 1229w, https:\/\/ayamaliberationdelame.com\/wp-content\/uploads\/2026\/01\/5-3-1638x2048.png 1638w, https:\/\/ayamaliberationdelame.com\/wp-content\/uploads\/2026\/01\/5-3-1170x1463.png 1170w, https:\/\/ayamaliberationdelame.com\/wp-content\/uploads\/2026\/01\/5-3.png 1755w\" sizes=\"auto, (max-width: 819px) 100vw, 819px\" \/><\/a><\/figure>\n<\/div>\n<\/div>\n\n\n\n<div class=\"wp-block-columns is-layout-flex wp-container-core-columns-is-layout-28f84493 wp-block-columns-is-layout-flex\">\n<div class=\"wp-block-column is-layout-flow wp-block-column-is-layout-flow\">\n<figure class=\"wp-block-image size-large\"><a href=\"https:\/\/ayamaliberationdelame.com\/index.php\/la-rose-sacree\/\"><img loading=\"lazy\" decoding=\"async\" width=\"819\" height=\"1024\" src=\"https:\/\/ayamaliberationdelame.com\/wp-content\/uploads\/2026\/01\/6-3-819x1024.png\" alt=\"\" class=\"wp-image-236\" srcset=\"https:\/\/ayamaliberationdelame.com\/wp-content\/uploads\/2026\/01\/6-3-819x1024.png 819w, https:\/\/ayamaliberationdelame.com\/wp-content\/uploads\/2026\/01\/6-3-240x300.png 240w, https:\/\/ayamaliberationdelame.com\/wp-content\/uploads\/2026\/01\/6-3-768x960.png 768w, https:\/\/ayamaliberationdelame.com\/wp-content\/uploads\/2026\/01\/6-3-1229x1536.png 1229w, https:\/\/ayamaliberationdelame.com\/wp-content\/uploads\/2026\/01\/6-3-1638x2048.png 1638w, https:\/\/ayamaliberationdelame.com\/wp-content\/uploads\/2026\/01\/6-3-1170x1463.png 1170w, https:\/\/ayamaliberationdelame.com\/wp-content\/uploads\/2026\/01\/6-3.png 1755w\" sizes=\"auto, (max-width: 819px) 100vw, 819px\" \/><\/a><\/figure>\n\n\n\n<p style=\"font-size:14px\"><strong>La Rose sacr\u00e9e<\/strong><br>Le soin de la Rose Sacr\u00e9e accompagne la lib\u00e9ration \u00e9motionnelle et l\u2019ouverture du c\u0153ur. Ce soin invite \u00e0 gu\u00e9rir les blessures du c\u0153ur et \u00e0 se reconnecter \u00e0 l\u2019\u00e9nergie d\u2019amour universel, une v\u00e9ritable caresse d\u2019amour.<\/p>\n<\/div>\n\n\n\n<div class=\"wp-block-column is-layout-flow wp-block-column-is-layout-flow\">\n<p style=\"font-size:14px\"><\/p>\n\n\n\n<div style=\"height:50px\" aria-hidden=\"true\" class=\"wp-block-spacer\"><\/div>\n\n\n\n<p style=\"font-size:14px\"><strong>Le Shenzen<\/strong><sup>\u00a9<\/sup><br>Le Shenzen<sup>\u00a9<\/sup> agit sur l\u2019\u00e9nergie vitale pour r\u00e9tablir l\u2019\u00e9quilibre int\u00e9rieur. Il harmonise le corps et l\u2019esprit dans un souffle de paix profonde.<\/p>\n\n\n\n<figure class=\"wp-block-image size-large\"><a href=\"https:\/\/ayamaliberationdelame.com\/index.php\/le-shen-zen\/\"><img loading=\"lazy\" decoding=\"async\" width=\"819\" height=\"1024\" src=\"https:\/\/ayamaliberationdelame.com\/wp-content\/uploads\/2026\/01\/affiche-constellations-819x1024.png\" alt=\"\" class=\"wp-image-308\" srcset=\"https:\/\/ayamaliberationdelame.com\/wp-content\/uploads\/2026\/01\/affiche-constellations-819x1024.png 819w, https:\/\/ayamaliberationdelame.com\/wp-content\/uploads\/2026\/01\/affiche-constellations-240x300.png 240w, https:\/\/ayamaliberationdelame.com\/wp-content\/uploads\/2026\/01\/affiche-constellations-768x960.png 768w, https:\/\/ayamaliberationdelame.com\/wp-content\/uploads\/2026\/01\/affiche-constellations-1229x1536.png 1229w, https:\/\/ayamaliberationdelame.com\/wp-content\/uploads\/2026\/01\/affiche-constellations-1638x2048.png 1638w, https:\/\/ayamaliberationdelame.com\/wp-content\/uploads\/2026\/01\/affiche-constellations-1170x1463.png 1170w, https:\/\/ayamaliberationdelame.com\/wp-content\/uploads\/2026\/01\/affiche-constellations.png 1890w\" sizes=\"auto, (max-width: 819px) 100vw, 819px\" \/><\/a><\/figure>\n<\/div>\n<\/div>\n\n\n\n<div class=\"wp-block-group alignwide ona-container is-style-no-spacing has-tertiary-background-color has-background is-layout-constrained wp-container-core-group-is-layout-ed30c500 wp-block-group-is-layout-constrained\" style=\"padding-top:100px;padding-bottom:100px\">\n<p class=\"has-text-align-center ona-text-letter-spacing has-foreground-color has-text-color has-tiny-font-size\">T\u00c9MOIGNAGES<\/p>\n\n\n\n<div class=\"wp-block-columns is-layout-flex wp-container-core-columns-is-layout-28f84493 wp-block-columns-is-layout-flex\">\n<div class=\"wp-block-column is-layout-flow wp-block-column-is-layout-flow\">\n<div class=\"wp-block-group has-background-background-color has-background is-layout-flow wp-block-group-is-layout-flow\" style=\"padding-top:3rem;padding-right:2.5rem;padding-bottom:2.5rem;padding-left:2.5rem\">\n<p class=\"is-style-no-spacing has-primary-color has-text-color has-x-large-font-size\" style=\"line-height:.5\">\u201d<\/p>\n\n\n\n<p class=\"has-headings-color has-text-color\"><em>Fleuriane est la cheffe d&rsquo;orchestre des espaces des constellations universelles.<br>Elle offre un moment suspendu dans la bienveillance, la sororit\u00e9, le retour \u00e0 son humanit\u00e9.<br>Alors n&rsquo;attendez plus Foncez !<\/em><\/p>\n\n\n\n<h3 class=\"wp-block-heading\" id=\"xyrel-paterson\" style=\"font-size:0.9375rem\">\u2014 Lyne<\/h3>\n<\/div>\n\n\n\n<div class=\"wp-block-group has-background-background-color has-background is-layout-flow wp-block-group-is-layout-flow\" style=\"padding-top:3rem;padding-right:2.5rem;padding-bottom:2.5rem;padding-left:2.5rem\">\n<p class=\"is-style-no-spacing has-primary-color has-text-color has-x-large-font-size\" style=\"line-height:.5\">\u201d<\/p>\n\n\n\n<p class=\"has-headings-color has-text-color\"><em>Apr\u00e8s la belle d\u00e9couverte de diff\u00e9rents soins que propose Fleuriane, la curiosit\u00e9 et surtout l&rsquo;envie de travailler plus en profondeur sur mes blocages, mes peurs, mes blessures, m&rsquo;ont pouss\u00e9e \u00e0 me faire Consteller. Et l\u00e0, j&rsquo;ai \u00e9t\u00e9 bluff\u00e9e de la puissance de ce soin. Le fait d&rsquo;\u00eatre repr\u00e9sent\u00e9 physiquement par une autre personne ainsi que de voir ses \u00e9motions, ses blocages, etc, en face de soi, \u00e9tait \u00e0 la fois saisissant et remarquable. Je ne pensais pas qu&rsquo;un soin comme celui-ci pouvait partir aussi loin sur le plan quantique (apr\u00e8s tout d\u00e9pend des personnes et de son intention) et heureusement que Fleuriane \u00e9tait l\u00e0, telle une cheffe d&rsquo;orchestre car gr\u00e2ce \u00e0 elle, on a pu aller puiser dans des espaces dont j&rsquo;ignorais m\u00eame l&rsquo;existence, c&rsquo;\u00e9tait si beau et si r\u00e9parateur. Merci encore \u00e0 toi Fleuriane pour ce que tu proposes, ton ouverture, ta gentillesse mais aussi ta disponibilit\u00e9 et ta pr\u00e9sence apr\u00e8s les soins\ud83c\udf39. Une telle confiance envers Toi \u2728.<\/em><\/p>\n\n\n\n<h3 class=\"wp-block-heading\" id=\"xyrel-paterson\" style=\"font-size:0.9375rem\">\u2014 Sandra<\/h3>\n<\/div>\n<\/div>\n\n\n\n<div class=\"wp-block-column is-layout-flow wp-block-column-is-layout-flow\">\n<div class=\"wp-block-group has-background-background-color has-background is-layout-flow wp-block-group-is-layout-flow\" style=\"padding-top:3rem;padding-right:2.5rem;padding-bottom:2.5rem;padding-left:2.5rem\">\n<p class=\"is-style-no-spacing has-primary-color has-text-color has-x-large-font-size\" style=\"line-height:.5\">\u201d<\/p>\n\n\n\n<p class=\"has-headings-color has-text-color\"><em>Que dire, hormis que ce qui se vit en constellation est bluffant ! C&rsquo;est une exp\u00e9rience \u00e0 vivre, vous en ressortirez le c\u0153ur emplie de chaleur humaine. Vous pouvez y aller les yeux ferm\u00e9s, Fleuriane nous accompagne avec douceur et s\u00e9curit\u00e9. <\/em><\/p>\n\n\n\n<h3 class=\"wp-block-heading\" id=\"xyrel-paterson\" style=\"font-size:0.9375rem\">\u2014 Elsa<\/h3>\n<\/div>\n\n\n\n<div class=\"wp-block-group has-background-background-color has-background is-layout-flow wp-block-group-is-layout-flow\" style=\"padding-top:3rem;padding-right:2.5rem;padding-bottom:2.5rem;padding-left:2.5rem\">\n<p class=\"is-style-no-spacing has-primary-color has-text-color has-x-large-font-size\" style=\"line-height:.5\">\u201d<\/p>\n\n\n\n<p class=\"has-headings-color has-text-color\"><em>J\u2019ai os\u00e9, je me suis lanc\u00e9e et j\u2019ai particip\u00e9 \u00e0 une constellation\u2026 puis \u00e0 une seconde. Port\u00e9e par l\u2019accueil chaleureux, la bienveillance et l\u2019\u00e9coute, je me suis laiss\u00e9e emporter.<br>Un moment pr\u00e9cieux o\u00f9 je re\u00e7ois et je donne en toute confiance. Puis vient la lib\u00e9ration, le bien-\u00eatre et la transformation.<br>Un immense merci \u00e0 Fleuriane pour cette exp\u00e9rience profonde et inspirante <\/em>\u2728<\/p>\n\n\n\n<p class=\"has-headings-color has-text-color\"><\/p>\n\n\n\n<h3 class=\"wp-block-heading\" id=\"xyrel-paterson\" style=\"font-size:0.9375rem\">\u2014 Florence<\/h3>\n<\/div>\n\n\n\n<div class=\"wp-block-group has-background-background-color has-background is-layout-flow wp-block-group-is-layout-flow\" style=\"padding-top:3rem;padding-right:2.5rem;padding-bottom:2.5rem;padding-left:2.5rem\">\n<p class=\"is-style-no-spacing has-primary-color has-text-color has-x-large-font-size\" style=\"line-height:.5\">\u201d<\/p>\n\n\n\n<p class=\"has-headings-color has-text-color\"><em>Fleuriane est une \u00e2me profond\u00e9ment g\u00e9n\u00e9reuse, qui met tout son c\u0153ur \u00e0 cr\u00e9er un espace s\u00e9curisant et enveloppant lors de ses s\u00e9ances.<\/em><br><em>Le massage Shen Zen m\u2019a permis de me d\u00e9lester de certaines couches qui m\u2019emp\u00eachaient d\u2019\u00eatre pleinement moi-m\u00eame et d\u2019oser davantage.<\/em><\/p>\n\n\n\n<p class=\"has-headings-color has-text-color\"><em>Les constellations familiales sont tout simplement magiques. Fleuriane tient l\u2019espace avec une grande justesse et beaucoup de bienveillance, permettant \u00e0 chacun(e) de d\u00e9poser ce qui a besoin de l\u2019\u00eatre en toute s\u00e9curit\u00e9.<\/em><\/p>\n\n\n\n<h3 class=\"wp-block-heading\" id=\"xyrel-paterson\" style=\"font-size:0.9375rem\">\u2014 Adeline<\/h3>\n<\/div>\n<\/div>\n\n\n\n<div class=\"wp-block-column is-layout-flow wp-block-column-is-layout-flow\">\n<div class=\"wp-block-group has-background-background-color has-background is-layout-flow wp-block-group-is-layout-flow\" style=\"padding-top:3rem;padding-right:2.5rem;padding-bottom:2.5rem;padding-left:2.5rem\">\n<p class=\"is-style-no-spacing has-primary-color has-text-color has-x-large-font-size\" style=\"line-height:.5\">\u201d<\/p>\n\n\n\n<p class=\"has-headings-color has-text-color\"><em>J&rsquo;ai eu la chance de vivre un rebirth au c\u00f4t\u00e9 de Fleuriane. Impressionnant ce que le corps peut contenir de m\u00e9moires du pass\u00e9&#8230; ! J&rsquo;y ai vu la mort, le feu, j&rsquo;y ai ressenti la rage, l&rsquo;injustice, l&#8217;emprise. J&rsquo;ai pu me lib\u00e9rer et me sentir plus l\u00e9g\u00e8re. Merci pour votre accompagnement, cela m&rsquo;est pr\u00e9cieux.<\/em><\/p>\n\n\n\n<h3 class=\"wp-block-heading\" id=\"xyrel-paterson\" style=\"font-size:0.9375rem\">\u2014 G\u00e9raldine<\/h3>\n<\/div>\n\n\n\n<div class=\"wp-block-group has-background-background-color has-background is-layout-flow wp-block-group-is-layout-flow\" style=\"padding-top:3rem;padding-right:2.5rem;padding-bottom:2.5rem;padding-left:2.5rem\">\n<p class=\"is-style-no-spacing has-primary-color has-text-color has-x-large-font-size\" style=\"line-height:.5\">\u201d<\/p>\n\n\n\n<p class=\"has-headings-color has-text-color\"><em>J\u2019ai eu la chance de rencontrer Fleuriane pour les constellations universelles et pour des soins shen zen. Fleuriane est une praticienne authentique, fiable et \u00e0 l\u2019\u00e9coute. A chacun de nos rdv et m\u00eame apr\u00e8s elle s\u2019est montr\u00e9e disponible, soutenante et s\u00e9curisante. Grace \u00e0 sa m\u00e9decine et \u00e0 sa fa\u00e7on de l\u2019incarner j\u2019ai surmont\u00e9 beaucoup de traumas et j\u2019ai enfin pu embrasser ma vie. Je recommande avec tout mon c\u0153ur \u00e0 qui compte souhaite incarner sa vie . Merci infini.<\/em><\/p>\n\n\n\n<h3 class=\"wp-block-heading\" id=\"xyrel-paterson\" style=\"font-size:0.9375rem\">\u2014 Daphn\u00e9e<\/h3>\n<\/div>\n<\/div>\n<\/div>\n<\/div>\n","protected":false},"excerpt":{"rendered":"<p>Poussez la porte, r\u00e9pondez \u00e0 l&rsquo;appel de votre \u00e2me Les Constellations universellesLes constellations universelles sont une approche qui permet de mieux comprendre les relations, les blocages et les sch\u00e9mas r\u00e9p\u00e9titifs. Elles mettent en lumi\u00e8re les liens invisibles entre les \u00eatres, les g\u00e9n\u00e9rations et l\u2019univers. Le RebirthLe soin Rebirth est une pratique de respiration qui aide [&hellip;]<\/p>\n","protected":false},"author":1,"featured_media":0,"parent":0,"menu_order":0,"comment_status":"closed","ping_status":"closed","template":"","meta":{"tpgb_global_settings":"","_surecart_dashboard_logo_width":"180px","_surecart_dashboard_show_logo":true,"_surecart_dashboard_navigation_orders":true,"_surecart_dashboard_navigation_invoices":true,"_surecart_dashboard_navigation_subscriptions":true,"_surecart_dashboard_navigation_downloads":true,"_surecart_dashboard_navigation_billing":true,"_surecart_dashboard_navigation_account":true,"footnotes":""},"class_list":["post-228","page","type-page","status-publish","hentry"],"tpgb_featured_images":null,"tpgb_post_meta_info":{"get_date":"janvier 25, 2026","get_modified_date":"janvier 27, 2026","author_name":"Elsa","author_url":"https:\/\/ayamaliberationdelame.com\/index.php\/author\/admin4528\/","author_email":"elsa.belliri@gmail.com","author_website":"http:\/\/ayamaliberationdelame.com","author_description":"","author_facebook":"","author_twitter":"","author_instagram":"","author_role":["administrator"],"author_firstname":"Elsa","author_lastname":"","user_login":"admin4528","author_avatar":"<img alt='' src='https:\/\/secure.gravatar.com\/avatar\/94fcea9fd01ada83134ee983b571dff56ff2b50303a23b81846dc60a2fa019a1?s=200&#038;d=mm&#038;r=g' srcset='https:\/\/secure.gravatar.com\/avatar\/94fcea9fd01ada83134ee983b571dff56ff2b50303a23b81846dc60a2fa019a1?s=400&#038;d=mm&#038;r=g 2x' class='avatar avatar-200 photo' height='200' width='200' loading='lazy' decoding='async'\/>","author_avatar_url":"https:\/\/secure.gravatar.com\/avatar\/94fcea9fd01ada83134ee983b571dff56ff2b50303a23b81846dc60a2fa019a1?s=96&d=mm&r=g","comment_count":0,"post_likes":0,"post_views":0},"tpgb_post_category":[],"jetpack_sharing_enabled":true,"_links":{"self":[{"href":"https:\/\/ayamaliberationdelame.com\/index.php\/wp-json\/wp\/v2\/pages\/228","targetHints":{"allow":["GET"]}}],"collection":[{"href":"https:\/\/ayamaliberationdelame.com\/index.php\/wp-json\/wp\/v2\/pages"}],"about":[{"href":"https:\/\/ayamaliberationdelame.com\/index.php\/wp-json\/wp\/v2\/types\/page"}],"author":[{"embeddable":true,"href":"https:\/\/ayamaliberationdelame.com\/index.php\/wp-json\/wp\/v2\/users\/1"}],"replies":[{"embeddable":true,"href":"https:\/\/ayamaliberationdelame.com\/index.php\/wp-json\/wp\/v2\/comments?post=228"}],"version-history":[{"count":23,"href":"https:\/\/ayamaliberationdelame.com\/index.php\/wp-json\/wp\/v2\/pages\/228\/revisions"}],"predecessor-version":[{"id":405,"href":"https:\/\/ayamaliberationdelame.com\/index.php\/wp-json\/wp\/v2\/pages\/228\/revisions\/405"}],"wp:attachment":[{"href":"https:\/\/ayamaliberationdelame.com\/index.php\/wp-json\/wp\/v2\/media?parent=228"}],"curies":[{"name":"wp","href":"https:\/\/api.w.org\/{rel}","templated":true}]}}